{"id":5,"date":"2020-05-05T10:47:26","date_gmt":"2020-05-05T08:47:26","guid":{"rendered":"http:\/\/dentistes-millylaforet.fr\/?page_id=5"},"modified":"2023-01-20T19:56:16","modified_gmt":"2023-01-20T18:56:16","slug":"mesmerize","status":"publish","type":"page","link":"https:\/\/dentistes-millylaforet.fr\/","title":{"rendered":"Front Page"},"content":{"rendered":"<div  data-label=\"Nous trouver\" data-id=\"about--2\" data-export-id=\"about-9\" data-category=\"about\" class=\"about-9 content-section content-section-spacing\" id=\"nous-trouver\" style=\"background-color: rgb(245, 250, 253);\"><div  class=\"gridContainer\"> <div  class=\"row middle-sm text-center\"><div  class=\"col-sm-5 space-bottom-xs content-column content-left-sm\" data-type=\"column\">  <h4  class=\"\">Nous trouver<\/h4> <h3  class=\"\">81 Avenue de Ganay\n<br > 91490 Milly la foret<\/h3><a class=\"button color1\" href=\"https:\/\/goo.gl\/maps\/R3c98kRqpQRqjzap9\" target=\"_blank\" data-cp-link=\"1\" rel=\"noopener noreferrer\">Nous trouver sur google map<\/a><p  class=\"\">HORAIRES D OUVERTURE DU CABINET<br >&nbsp;&nbsp;&nbsp;&nbsp;&nbsp;&nbsp;&nbsp;&nbsp;&nbsp;&nbsp;&nbsp;&nbsp;&nbsp;&nbsp;&nbsp;&nbsp;&nbsp;&nbsp;&nbsp;&nbsp;&nbsp;&nbsp;&nbsp;&nbsp;&nbsp;&nbsp;&nbsp;&nbsp;&nbsp;&nbsp;&nbsp; lundi &nbsp;9h00-13h et 14h-18h00&nbsp;&nbsp;\n<br >&nbsp;&nbsp;&nbsp;&nbsp;&nbsp;&nbsp;&nbsp;&nbsp;&nbsp;&nbsp;&nbsp;&nbsp;&nbsp;&nbsp;&nbsp;&nbsp;&nbsp;&nbsp;&nbsp;&nbsp;&nbsp;&nbsp;&nbsp;&nbsp;&nbsp;&nbsp;&nbsp;&nbsp;&nbsp;&nbsp;&nbsp; mardi 9h00-13h et 14h-18h00\n<br >&nbsp; &nbsp; &nbsp; &nbsp; &nbsp; &nbsp; &nbsp; &nbsp; &nbsp; &nbsp; &nbsp; &nbsp; &nbsp; &nbsp; &nbsp; &nbsp; mercredi&nbsp; &nbsp; &nbsp;ferm\u00e9<br >&nbsp;&nbsp;&nbsp;&nbsp;&nbsp;&nbsp;&nbsp;&nbsp;&nbsp;&nbsp;&nbsp;&nbsp;&nbsp;&nbsp;&nbsp;&nbsp;&nbsp;&nbsp;&nbsp;&nbsp;&nbsp;&nbsp;&nbsp;&nbsp;&nbsp;&nbsp;&nbsp;&nbsp;&nbsp;&nbsp;&nbsp; jeudi 9h00-13h et 14h-18h00<br >&nbsp;&nbsp;&nbsp;&nbsp;&nbsp;&nbsp;&nbsp;&nbsp;&nbsp;&nbsp;&nbsp;&nbsp;&nbsp;&nbsp;&nbsp;&nbsp;&nbsp;&nbsp;&nbsp;&nbsp;&nbsp;&nbsp; &nbsp; &nbsp;&nbsp;&nbsp;&nbsp;&nbsp;&nbsp; vendredi 9h00-13h et 14h-18h00\n<br >&nbsp; &nbsp; &nbsp; &nbsp; &nbsp; &nbsp; &nbsp; &nbsp; &nbsp; &nbsp; &nbsp; &nbsp; &nbsp; &nbsp; &nbsp; &nbsp; samedi&nbsp; &nbsp; &nbsp; &nbsp; &nbsp;ferm\u00e9<\/p> <h4  class=\"\">Nous contacter\n<\/h4><p  class=\"lead\">Le standard t\u00e9l\u00e9phonique est ouvert de 9h00 \u00e0 12h00 le lundi, mardi, jeudi et vendredi.<\/p><a class=\"button blue\" href=\"tel:+33164989334\" target=\"_self\" data-cp-link=\"1\" rel=\"noopener noreferrer\">Nous telephoner<\/a><a class=\"button blue\" href=\"mailto:cabdentaireffjc@gmail.com\" target=\"_self\" data-cp-link=\"1\" rel=\"noopener noreferrer\">Nous contacter par mail<\/a><p  class=\"\"><\/p><\/div> <div  class=\"col-sm-7 flexbox flexbox middle-xs center-xs space-bottom-xs\"><div  class=\"overlay-box flexbox middle-xs center-xs overlay-holder \"> <div  class=\"overlay-box-offset shadow-medium bg-color2 hide-xs offset-background\"><\/div> <img decoding=\"async\"  class=\"flexbox shadow-large img1\" src=\"http:\/\/dentistes-millylaforet.fr\/wp-content\/uploads\/2020\/05\/cropped-batiment-scaled-1.jpg\" data-size=\"600x400\" alt=\"\" title=\"cropped-batiment-scaled-1.jpg\"><\/div> <\/div><\/div> <\/div><\/div><div  data-label=\"Les praticiens\" data-id=\"about--4\" data-export-id=\"about-10\" data-category=\"about\" class=\"about-10 content-section content-section-spacing\" id=\"les-praticiens\" style=\"background-color: rgb(245, 250, 253);\"><div  class=\"gridContainer\"> <div  class=\"row middle-sm text-center\"><div  class=\"col-sm-5 space-bottom-xs content-column\" data-type=\"column\">  <h2  class=\"\">Les praticiens<span  style=\"font-family: Playfair Display,sans-serif; font-weight: 700; font-style: italic;\" href=\"#\"><\/span><\/h2>  <h3  class=\"\">Docteur Jennifer CHALUMEAU\n<\/h3><p  class=\"lead\">Diplom\u00e9e de la facult\u00e9 de Paris V\n\n<br >Dipl\u00f4me Universitaire en Parodontologie de Paris<br >Inscription \u00e0 l\u2019ordre N\u00b059973<\/p><h3  class=\"\">Docteur Fabien FAUGERAS<\/h3><p  class=\"lead\">Diplom\u00e9 de la facult\u00e9 de Paris V<br >Dipl\u00f4me Universitaire&nbsp; en Esth\u00e9tique de Strasbourg<br >Inscription \u00e0 l\u2019ordre N\u00b059144<\/p><\/div> <div  class=\"col-sm-7 flexbox middle-xs center-xs space-bottom-xs\"><div  class=\"overlay-box middle-xs center-xs flexbox\"> <div  class=\"overlay-box-offset offset-border shadow-medium border-color1 hide-xs\"><\/div> <a  data-cp-link=\"1\" href=\"#\"><img decoding=\"async\"  class=\"shadow-large\" data-size=\"485x705\" src=\"http:\/\/dentistes-millylaforet.fr\/wp-content\/uploads\/2021\/02\/cropped-CAB-scaled-1.jpg\" alt=\"\" title=\"cropped-CAB-scaled-1.jpg\"><\/a><\/div> <\/div><\/div> <\/div><\/div><div  data-label=\"Notre equipe\" data-id=\"team--1\" data-export-id=\"team-2\" data-category=\"team\" class=\"team-2 content-section content-section-spacing\" id=\"notre-equipe\" style=\"background-color: rgb(255, 255, 255);\"><div  class=\"gridContainer\"> <div  class=\"row text-center\"><div  class=\"section-title-col\" data-type=\"column\"> <h2  class=\"\">Notre \u00e9quipe<\/h2> <\/div> <\/div> <div  class=\"row spaced-cols start-sm content-center-sm\" data-type=\"row\">   <div  class=\"col-sm-6 col-md-6 \"> <div  class=\"card y-move no-padding bordered\"> <img decoding=\"async\"  class=\"face\" src=\"http:\/\/dentistes-millylaforet.fr\/wp-content\/uploads\/2020\/05\/cropped-20200506_154152-scaled-2.jpg\" alt=\"\" title=\"cropped-20200506_154152-scaled-2.jpg\"> <div  data-type=\"column\" class=\"col-padding-small col-padding-small-xs description-container\"> <h4  class=\"font-500\">Sigrid<\/h4> <p  class=\"small\" style=\"font-style: italic;\">Assistante dentaire qualifi\u00e9e<\/p> <div  class=\"social-icons-group\" data-type=\"group\"> <a href=\"#\" target=\"_self\" data-reiki-hidden=\"true\" rel=\"noopener noreferrer\"><i  class=\"gray fa icon fa-facebook-square\"><\/i><\/a> <a href=\"#\" target=\"_self\" data-reiki-hidden=\"true\" rel=\"noopener noreferrer\"><i  class=\"gray fa icon fa-twitter-square\"><\/i><\/a> <a href=\"#\" target=\"_self\" data-reiki-hidden=\"true\" rel=\"noopener noreferrer\"><i  class=\"gray fa icon fa-linkedin-square\"><\/i><\/a> <a href=\"#\" target=\"_self\" data-reiki-hidden=\"true\" rel=\"noopener noreferrer\"><i  class=\"gray fa icon fa-google-plus-square\"><\/i><\/a><\/div> <img decoding=\"async\"  class=\"custom-image\" src=\"http:\/\/dentistes-millylaforet.fr\/wp-content\/uploads\/2023\/01\/cropped-2.jpg\" alt=\"\" title=\"Sigrid\"><\/div><\/div> <\/div>     <div  class=\"col-sm-6 col-md-6\"> <div  class=\"card y-move no-padding bordered\"> <a data-cp-link=\"1\" href=\"#\" ><img decoding=\"async\"  class=\"face\" src=\"http:\/\/dentistes-millylaforet.fr\/wp-content\/uploads\/2020\/05\/cropped-20200506_154152-scaled-2.jpg\" alt=\"\" title=\"cropped-20200506_154152-scaled-2.jpg\"><\/a> <div  data-type=\"column\" class=\"col-padding-small col-padding-small-xs description-container\"> <h4  class=\"font-500\">Laeticia<\/h4> <p  class=\"small\" style=\"font-style: italic;\">Assistante dentaire qualifi\u00e9e<\/p> <div  class=\"social-icons-group\" data-type=\"group\"> <a href=\"#\" target=\"_self\" data-reiki-hidden=\"true\" rel=\"noopener noreferrer\"><i  class=\"gray fa icon fa-facebook-square\"><\/i><\/a> <a href=\"#\" target=\"_self\" data-reiki-hidden=\"true\" rel=\"noopener noreferrer\"><i  class=\"gray fa icon fa-twitter-square\"><\/i><\/a> <a href=\"#\" target=\"_self\" data-reiki-hidden=\"true\" rel=\"noopener noreferrer\"><i  class=\"gray fa icon fa-linkedin-square\"><\/i><\/a> <a href=\"#\" target=\"_self\" data-reiki-hidden=\"true\" rel=\"noopener noreferrer\"><i  class=\"gray fa icon fa-google-plus-square\"><\/i><\/a><\/div> <img decoding=\"async\"  class=\"custom-image\" src=\"http:\/\/dentistes-millylaforet.fr\/wp-content\/uploads\/2023\/01\/cropped-20230117_162432-scaled-e1674240595699.jpg\" alt=\"\" title=\"20230117_162432\"><img decoding=\"async\"  class=\"custom-image\" src=\"#\"><\/div><\/div> <\/div><\/div> <\/div><\/div><div  data-label=\"Nos services\" data-id=\"about--5\" data-export-id=\"about-4\" data-category=\"about\" class=\"about-4 content-section content-section-spacing\" id=\"nos-services\" style=\"background-color: rgb(255, 255, 255);\"><div  class=\"gridContainer\"> <div  class=\"row middle-sm text-center\"><div  class=\"col-sm-5 space-bottom-xs\" data-type=\"column\">  <h2  class=\"\">Nos services<\/h2>  <h3  class=\"\">Les Docteurs FAUGERAS et CHALUMEAU sont heureux de vous accueillir sur le site Internet.\n<br >Ils vous re\u00e7oivent uniquement sur rendez-vous pour \nvos soins dentaires courants, vos traitements en implantologie, en \ndentisterie esth\u00e9tique, en parodontologie, en endodontie et pour des actes de chirurgie.<\/h3><\/div> <div  class=\"col-sm-7 flexbox center-xs middle-xs image-group-2-img\"> <img decoding=\"async\"  class=\"img-1 shadow-large\" data-size=\"250x200\" src=\"http:\/\/dentistes-millylaforet.fr\/wp-content\/uploads\/2020\/05\/cropped-couronne-dentaire-hongrie1-805x373-1-1.jpg\" alt=\"\" title=\"cropped-couronne-dentaire-hongrie1-805x373-1-1.jpg\"> <img decoding=\"async\"  class=\"img-2 shadow-large\" data-size=\"220x170\" src=\"http:\/\/dentistes-millylaforet.fr\/wp-content\/uploads\/2020\/05\/cropped-blanchir-dents-2.jpg\" alt=\"\" title=\"cropped-blanchir-dents-2.jpg\"><\/div> <\/div><\/div> <\/div><div  data-label=\"Nos laboratoires de prothese\" data-id=\"features--1\" data-export-id=\"features-13-card-bordered\" data-category=\"features\" class=\"features-13 content-section content-section-spacing\" id=\"nos-laboratoires-de-prothese\" style=\"background-color: rgb(245, 250, 253);\"><div  class=\"gridContainer\"> <div  class=\"row text-center\"><div  class=\"section-title-col\" data-type=\"column\"> <h2  class=\"\">Nos Laboratoires de proth\u00e8se<\/h2> <p  class=\"lead\">Nous travaillons avec des laboratoires fran\u00e7ais de l\u2019\u00eele de france. \n<br >Nos proth\u00e8ses toutes fabriqu\u00e9es localement ou dans des centres d\u2019usinages pour la conception\/fabrication assist\u00e9e par ordinateur (CFAO). <br >Il arrivera peut-\u00eatre de rencontrer directement le proth\u00e9siste afin que vous puissiez \u00e9changer sur vos pr\u00e9f\u00e9rences, notamment de couleur et de forme de dents. <\/p><\/div> <\/div> <div  class=\"row spaced-cols content-center-sm\" data-type=\"row\">   <div  class=\"col-sm-4\"> <div  class=\"card bordered y-move\" data-type=\"column\">    <\/div> <\/div><\/div> <\/div><\/div><div  data-label=\"Urgence\" data-id=\"about--3\" data-export-id=\"about-images-right-section\" data-category=\"about\" class=\"about-images-right-section content-section content-section-spacing\" id=\"urgence\" style=\"background-color: rgb(255, 255, 255); background-image: none;\"><div  class=\"gridContainer\"> <div  class=\"row middle-sm text-center\"><div  class=\"col-sm-5 content-center-sm\" data-type=\"column\">  <h2  class=\"\">En cas d\u2019urgence <\/h2> <p  class=\"\">En cas d\u2019urgence n\u2019h\u00e9sitez pas \u00e0 appeler au plus vite. <\/p> <h3  class=\"\">En cas d\u2019urgence le week end ou un jour f\u00e9ri\u00e9\n<\/h3><p  class=\"lead\">Le dimanche et les jours f\u00e9ri\u00e9s, n\u2019h\u00e9sitez pas \u00e0 appeler le 15 pour connaitre les chirurgiens-dentistes de garde. \n<\/p><\/div> <div  class=\"col-sm-7 space-bottom-xs\"><div  class=\"image-group-side-3-img\"> <img decoding=\"async\"  class=\"topimg shadow-large\" src=\"http:\/\/dentistes-millylaforet.fr\/wp-content\/uploads\/2020\/05\/cropped-douleur-dentaire-huile-essentielle-girofle-2.jpg\" alt=\"\" title=\"cropped-douleur-dentaire-huile-essentielle-girofle-2.jpg\"> <img decoding=\"async\"  class=\"rightimg shadow-large\" src=\"http:\/\/dentistes-millylaforet.fr\/wp-content\/plugins\/mesmerize-companion\/theme-data\/mesmerize\/sections\/images\/background-2498615.jpg\"> <div  class=\"leftimg\"> <img decoding=\"async\"  class=\"shadow-large\" src=\"http:\/\/dentistes-millylaforet.fr\/wp-content\/uploads\/2020\/05\/cropped-samu-15-1.png\" alt=\"\" title=\"cropped-samu-15-1.png\"><\/div> <\/div><\/div> <\/div><\/div> <\/div><div  data-label=\"Portfolio\" data-id=\"portfolio--1\" data-export-id=\"portfolio-5\" data-category=\"portfolio\" class=\"portfolio-5 content-section content-section-spacing\" id=\"portfolio-1\" style=\"background-color: rgb(245, 250, 253);\"><div  class=\"gridContainer\"> <div  class=\"row text-center\"><div  class=\"section-title-col\" data-type=\"column\"> <h2  class=\"\">Documents et informations\n<\/h2> <p  class=\"lead\">Vous trouverez ici des documents, des vid\u00e9os,&nbsp;<\/p><\/div> <\/div> <div  class=\"row space-bottom spaced-cols\" data-type=\"row\"> <div  class=\"col-xs-12 col-sm-4 text-center\"> <div  class=\"card no-padding bordered\"> <div  data-hover-fx=\"portfolio-6\" class=\"contentswap-effect\"> <div  class=\"initial-image\"> <img decoding=\"async\"  data-size=\"500x333\" src=\"http:\/\/dentistes-millylaforet.fr\/wp-content\/uploads\/2020\/05\/cropped-brosser_dents-1.jpg\"><\/div> <div  class=\"overlay bg-color6\"><\/div> <div  class=\"swap-inner col-xs-12\"> <div  class=\"row full-height-row middle-xs middle-sm\"> <div  class=\"col-xs-12 text-center content-holder\"> <a class=\"button small color2\" href=\"\/\/youtu.be\/CaJeZaJi4iU\" target=\"_self\" data-cp-link=\"1\" rel=\"noopener noreferrer\">telechager la fiche de brossage<\/a><\/div> <\/div><\/div> <\/div> <div  class=\"col-xs-12\"> <div  class=\"space-bottom space-top\" data-type=\"column\"> <h5  class=\"\">Conseils de brossage\n\n<\/h5> <\/div> <\/div><\/div> <\/div> <div  class=\"col-xs-12 col-sm-4 text-center\"> <div  class=\"card no-padding bordered\"> <div  data-hover-fx=\"portfolio-6\" class=\"contentswap-effect\"> <div  class=\"initial-image\"> <img decoding=\"async\"  data-size=\"500x333\" src=\"http:\/\/dentistes-millylaforet.fr\/wp-content\/uploads\/2020\/05\/cropped-Couverture_ouvrage_JPDPMD-2.png\"><\/div> <div  class=\"overlay bg-color6\"><\/div> <div  class=\"swap-inner col-xs-12\"> <div  class=\"row full-height-row middle-xs middle-sm\"> <div  class=\"col-xs-12 text-center content-holder\"> <a class=\"button small color2\" href=\"\/\/www.calameo.com\/books\/004802036ce5ca8b4e9ab?authid=JRWnGMSJpTok\" target=\"_blank\" data-cp-link=\"1\" rel=\"noopener noreferrer\">J\u2019ai peur de perdre mes dents. Que faire Docteur?<\/a><\/div> <\/div><\/div> <\/div> <div  class=\"col-xs-12\"> <div  class=\"space-bottom space-top\" data-type=\"column\"> <h5  class=\"\">J\u2019ai peur de perdre mes dents. Que faire Docteur?<\/h5> <\/div> <\/div><\/div> <\/div> <div  class=\"col-xs-12 col-sm-4 text-center\"> <div  class=\"card no-padding bordered\"> <div  data-hover-fx=\"portfolio-6\" class=\"contentswap-effect\"> <div  class=\"initial-image\"> <img decoding=\"async\"  data-size=\"500x333\" src=\"http:\/\/dentistes-millylaforet.fr\/wp-content\/uploads\/2020\/05\/cropped-images.jpg\"><\/div> <div  class=\"overlay bg-color6\"><\/div> <div  class=\"swap-inner col-xs-12\"> <div  class=\"row full-height-row middle-xs middle-sm\"> <div  class=\"col-xs-12 text-center content-holder\"> <a class=\"button small color2\" href=\"\/\/youtu.be\/mgLAdosIWAc\" target=\"_blank\" data-cp-link=\"1\" rel=\"noopener noreferrer\">les implants dentaires<\/a><\/div> <\/div><\/div> <\/div> <div  class=\"col-xs-12\"> <div  class=\"space-bottom space-top\" data-type=\"column\"> <h5  class=\"\">Video pose d\u2019implant dentaire\n\n<\/h5> <\/div> <\/div><\/div> <\/div><\/div> <div  class=\"row\"><div  data-type=\"column\" class=\"col-xs-12 text-center\"> <a  class=\"button color2 y-move\" href=\"#\">View Portfolio<\/a><\/div> <\/div><\/div> <\/div>","protected":false},"excerpt":{"rendered":"<p>Nous trouver 81 Avenue de Ganay 91490 Milly la foretNous trouver sur google mapHORAIRES D OUVERTURE DU CABINET&nbsp;&nbsp;&nbsp;&nbsp;&nbsp;&nbsp;&nbsp;&nbsp;&nbsp;&nbsp;&nbsp;&nbsp;&nbsp;&nbsp;&nbsp;&nbsp;&nbsp;&nbsp;&nbsp;&nbsp;&nbsp;&nbsp;&nbsp;&nbsp;&nbsp;&nbsp;&nbsp;&nbsp;&nbsp;&nbsp;&nbsp; lundi &nbsp;9h00-13h et 14h-18h00&nbsp;&nbsp; &nbsp;&nbsp;&nbsp;&nbsp;&nbsp;&nbsp;&nbsp;&nbsp;&nbsp;&nbsp;&nbsp;&nbsp;&nbsp;&nbsp;&nbsp;&nbsp;&nbsp;&nbsp;&nbsp;&nbsp;&nbsp;&nbsp;&nbsp;&nbsp;&nbsp;&nbsp;&nbsp;&nbsp;&nbsp;&nbsp;&nbsp; mardi 9h00-13h et 14h-18h00 &nbsp; &nbsp; &nbsp; &nbsp; &nbsp; &nbsp; &nbsp; &nbsp; &nbsp; &nbsp; &nbsp; &nbsp; &nbsp; &nbsp; &nbsp; &nbsp; mercredi&nbsp; &nbsp; &nbsp;ferm\u00e9&nbsp;&nbsp;&nbsp;&nbsp;&nbsp;&nbsp;&nbsp;&nbsp;&nbsp;&nbsp;&nbsp;&nbsp;&nbsp;&nbsp;&nbsp;&nbsp;&nbsp;&nbsp;&nbsp;&nbsp;&nbsp;&nbsp;&nbsp;&nbsp;&nbsp;&nbsp;&nbsp;&nbsp;&nbsp;&nbsp;&nbsp; jeudi 9h00-13h et 14h-18h00&nbsp;&nbsp;&nbsp;&nbsp;&nbsp;&nbsp;&nbsp;&nbsp;&nbsp;&nbsp;&nbsp;&nbsp;&nbsp;&nbsp;&nbsp;&nbsp;&nbsp;&nbsp;&nbsp;&nbsp;&nbsp;&nbsp; &nbsp; &nbsp;&nbsp;&nbsp;&nbsp;&nbsp;&nbsp; vendredi 9h00-13h et&hellip; <br \/> <a class=\"read-more\" href=\"https:\/\/dentistes-millylaforet.fr\/\">Read more<\/a><\/p>\n","protected":false},"author":1,"featured_media":0,"parent":0,"menu_order":0,"comment_status":"closed","ping_status":"closed","template":"page-templates\/homepage.php","meta":{"footnotes":""},"class_list":["post-5","page","type-page","status-publish","hentry"],"_links":{"self":[{"href":"https:\/\/dentistes-millylaforet.fr\/index.php?rest_route=\/wp\/v2\/pages\/5","targetHints":{"allow":["GET"]}}],"collection":[{"href":"https:\/\/dentistes-millylaforet.fr\/index.php?rest_route=\/wp\/v2\/pages"}],"about":[{"href":"https:\/\/dentistes-millylaforet.fr\/index.php?rest_route=\/wp\/v2\/types\/page"}],"author":[{"embeddable":true,"href":"https:\/\/dentistes-millylaforet.fr\/index.php?rest_route=\/wp\/v2\/users\/1"}],"replies":[{"embeddable":true,"href":"https:\/\/dentistes-millylaforet.fr\/index.php?rest_route=%2Fwp%2Fv2%2Fcomments&post=5"}],"version-history":[{"count":52,"href":"https:\/\/dentistes-millylaforet.fr\/index.php?rest_route=\/wp\/v2\/pages\/5\/revisions"}],"predecessor-version":[{"id":211,"href":"https:\/\/dentistes-millylaforet.fr\/index.php?rest_route=\/wp\/v2\/pages\/5\/revisions\/211"}],"wp:attachment":[{"href":"https:\/\/dentistes-millylaforet.fr\/index.php?rest_route=%2Fwp%2Fv2%2Fmedia&parent=5"}],"curies":[{"name":"wp","href":"https:\/\/api.w.org\/{rel}","templated":true}]}}